{"id":14039,"date":"2022-07-25T15:22:46","date_gmt":"2022-07-25T13:22:46","guid":{"rendered":"https:\/\/grain-africa.org\/?page_id=14039"},"modified":"2024-01-17T12:57:18","modified_gmt":"2024-01-17T11:57:18","slug":"literature-reviews","status":"publish","type":"page","link":"https:\/\/grain-africa.org\/en\/publications\/revues-de-litteratures\/","title":{"rendered":"Literature reviews"},"content":{"rendered":"<div data-elementor-type=\"wp-page\" data-elementor-id=\"14039\" class=\"elementor elementor-14039\" data-elementor-post-type=\"page\">\n\t\t\t\t<div class=\"elementor-element elementor-element-9bfb262 e-flex e-con-boxed e-con e-parent\" data-id=\"9bfb262\" data-element_type=\"container\" data-e-type=\"container\">\n\t\t\t\t\t<div class=\"e-con-inner\">\n\t\t<div class=\"elementor-element elementor-element-dc009cf e-con-full e-flex e-con e-child\" data-id=\"dc009cf\" data-element_type=\"container\" data-e-type=\"container\">\n\t\t\t\t<div class=\"elementor-element elementor-element-fe7b63c elementor-widget elementor-widget-heading\" data-id=\"fe7b63c\" data-element_type=\"widget\" data-e-type=\"widget\" data-widget_type=\"heading.default\">\n\t\t\t\t<div class=\"elementor-widget-container\">\n\t\t\t\t\t<h2 class=\"elementor-heading-title elementor-size-default\">Our Resources<\/h2>\t\t\t\t<\/div>\n\t\t\t\t<\/div>\n\t\t\t\t<div class=\"elementor-element elementor-element-e3430c6 elementor-widget elementor-widget-text-editor\" data-id=\"e3430c6\" data-element_type=\"widget\" data-e-type=\"widget\" data-widget_type=\"text-editor.default\">\n\t\t\t\t<div class=\"elementor-widget-container\">\n\t\t\t\t\t\t\t\t\t<div class=\"heading-divider\"><\/div>\t\t\t\t\t\t\t\t<\/div>\n\t\t\t\t<\/div>\n\t\t\t\t<div class=\"elementor-element elementor-element-ca7e800 elementor-grid-2 elementor-grid-tablet-2 elementor-grid-mobile-1 elementor-posts--thumbnail-top elementor-card-shadow-yes elementor-posts__hover-gradient load-more-align-center elementor-widget elementor-widget-posts\" data-id=\"ca7e800\" data-element_type=\"widget\" data-e-type=\"widget\" data-settings=\"{&quot;cards_columns&quot;:&quot;2&quot;,&quot;pagination_type&quot;:&quot;load_more_on_click&quot;,&quot;cards_columns_tablet&quot;:&quot;2&quot;,&quot;cards_columns_mobile&quot;:&quot;1&quot;,&quot;cards_row_gap&quot;:{&quot;unit&quot;:&quot;px&quot;,&quot;size&quot;:35,&quot;sizes&quot;:[]},&quot;cards_row_gap_tablet&quot;:{&quot;unit&quot;:&quot;px&quot;,&quot;size&quot;:&quot;&quot;,&quot;sizes&quot;:[]},&quot;cards_row_gap_mobile&quot;:{&quot;unit&quot;:&quot;px&quot;,&quot;size&quot;:&quot;&quot;,&quot;sizes&quot;:[]},&quot;load_more_spinner&quot;:{&quot;value&quot;:&quot;fas fa-spinner&quot;,&quot;library&quot;:&quot;fa-solid&quot;}}\" data-widget_type=\"posts.cards\">\n\t\t\t\t<div class=\"elementor-widget-container\">\n\t\t\t\t\t\t\t<div class=\"elementor-posts-container elementor-posts elementor-posts--skin-cards elementor-grid\">\n\t\t\t\t<article class=\"elementor-post elementor-grid-item post-21583 post type-post status-publish format-standard has-post-thumbnail hentry category-actualites-grain category-articles tag-grain tag-ia tag-intelligence-artificielle\">\n\t\t\t<div class=\"elementor-post__card\">\n\t\t\t\t<a class=\"elementor-post__thumbnail__link\" href=\"https:\/\/grain-africa.org\/en\/intelligence-artificielle-en-afrique-de-louest-grain-presente-les-resultats-dune-etude-comparative-pour-une-gouvernance-plus-inclusive-et-responsable-de-lia\/\" tabindex=\"-1\" ><div class=\"elementor-post__thumbnail\"><img loading=\"lazy\" decoding=\"async\" width=\"300\" height=\"200\" src=\"https:\/\/grain-africa.org\/wp-content\/uploads\/2026\/08\/Capture-decran-2026-07-28-140918-300x200.png\" class=\"attachment-medium size-medium wp-image-21584\" alt=\"\" srcset=\"https:\/\/grain-africa.org\/wp-content\/uploads\/2026\/08\/Capture-decran-2026-07-28-140918-300x200.png 300w, https:\/\/grain-africa.org\/wp-content\/uploads\/2026\/08\/Capture-decran-2026-07-28-140918-1024x683.png 1024w, https:\/\/grain-africa.org\/wp-content\/uploads\/2026\/08\/Capture-decran-2026-07-28-140918-768x512.png 768w, https:\/\/grain-africa.org\/wp-content\/uploads\/2026\/08\/Capture-decran-2026-07-28-140918-391x260.png 391w, https:\/\/grain-africa.org\/wp-content\/uploads\/2026\/08\/Capture-decran-2026-07-28-140918-1536x1024.png 1536w, https:\/\/grain-africa.org\/wp-content\/uploads\/2026\/08\/Capture-decran-2026-07-28-140918-2048x1365.png 2048w, https:\/\/grain-africa.org\/wp-content\/uploads\/2026\/08\/Capture-decran-2026-07-28-140918-18x12.png 18w\" sizes=\"(max-width: 300px) 100vw, 300px\" \/><\/div><\/a>\n\t\t\t\t<div class=\"elementor-post__text\">\n\t\t\t\t<h3 class=\"elementor-post__title\">\n\t\t\t<a href=\"https:\/\/grain-africa.org\/en\/intelligence-artificielle-en-afrique-de-louest-grain-presente-les-resultats-dune-etude-comparative-pour-une-gouvernance-plus-inclusive-et-responsable-de-lia\/\" >\n\t\t\t\tArtificial Intelligence in West Africa: GRAIN presents the findings of a comparative study aimed at more inclusive and accountable governance of AI\t\t\t<\/a>\n\t\t<\/h3>\n\t\t\t\t<div class=\"elementor-post__excerpt\">\n\t\t\t<p>Artificial intelligence (AI) is emerging as a driving force for transformation in economies and societies, but the West African region must<\/p>\n  <div class=\"related-post grid\">\r\n        <div class=\"headline\">Similar articles<\/div>\r\n    <div class=\"post-list\">\r\n\r\n            <div class=\"item\">\r\n            <div class=\"thumb post_thumb\">\r\n    <a  title=\"IPAR is taking part in two working groups on the development of the national strategy on Artificial Intelligence\u00a0\" href=\"https:\/\/grain-africa.org\/en\/ipar-prend-part-a-deux-groupes-de-travail-sur-lelaboration-de-la-strategie-nationale-sur-lintelligence-artificielle\/?related_post_from=18738\">\r\n\r\n      <img fetchpriority=\"high\" decoding=\"async\" width=\"1600\" height=\"1200\" src=\"https:\/\/grain-africa.org\/wp-content\/uploads\/2023\/06\/IMG-20230622-WA0167-1.jpg\" class=\"attachment-full size-full wp-post-image\" alt=\"\" srcset=\"https:\/\/grain-africa.org\/wp-content\/uploads\/2023\/06\/IMG-20230622-WA0167-1.jpg 1600w, https:\/\/grain-africa.org\/wp-content\/uploads\/2023\/06\/IMG-20230622-WA0167-1-300x225.jpg 300w, https:\/\/grain-africa.org\/wp-content\/uploads\/2023\/06\/IMG-20230622-WA0167-1-1024x768.jpg 1024w, https:\/\/grain-africa.org\/wp-content\/uploads\/2023\/06\/IMG-20230622-WA0167-1-768x576.jpg 768w, https:\/\/grain-africa.org\/wp-content\/uploads\/2023\/06\/IMG-20230622-WA0167-1-1536x1152.jpg 1536w\" sizes=\"(max-width: 1600px) 100vw, 1600px\" \/>\r\n\r\n    <\/a>\r\n  <\/div>\r\n\r\n  <a class=\"title post_title\"  title=\"IPAR is taking part in two working groups on the development of the national strategy on Artificial Intelligence\u00a0\" href=\"https:\/\/grain-africa.org\/en\/ipar-prend-part-a-deux-groupes-de-travail-sur-lelaboration-de-la-strategie-nationale-sur-lintelligence-artificielle\/?related_post_from=18738\">\r\n        IPAR is taking part in two working groups on the development of the national strategy on Artificial Intelligence\u00a0  <\/a>\r\n\r\n  <p class=\"excerpt post_excerpt\">\r\n    IPAR took part in the second workshop on the formulation of the national Artificial Intelligence strategy, which was held on 21 <a class=\"read-more\" href=\"https:\/\/grain-africa.org\/en\/ipar-prend-part-a-deux-groupes-de-travail-sur-lelaboration-de-la-strategie-nationale-sur-lintelligence-artificielle\/?related_post_from=18738\"> Read more<\/a>  <\/p>\r\n        <\/div>\r\n              <div class=\"item\">\r\n            <div class=\"thumb post_thumb\">\r\n    <a  title=\"Women Deliver Conference 2023: IPAR explores ways to roll out responsible AI that supports improvements in women\u2019s health\" href=\"https:\/\/grain-africa.org\/en\/women-deliver-conference-2023-lipar-explore-les-pistes-pour-le-deploiement-dune-ia-responsable-et-favorable-a-lamelioration-de-la-sante-des-femmes\/?related_post_from=18835\">\r\n\r\n      <img loading=\"lazy\" decoding=\"async\" width=\"750\" height=\"1000\" src=\"https:\/\/grain-africa.org\/wp-content\/uploads\/2023\/07\/laure-Tall-1-1.jpg\" class=\"attachment-full size-full wp-post-image\" alt=\"\" srcset=\"https:\/\/grain-africa.org\/wp-content\/uploads\/2023\/07\/laure-Tall-1-1.jpg 750w, https:\/\/grain-africa.org\/wp-content\/uploads\/2023\/07\/laure-Tall-1-1-225x300.jpg 225w, https:\/\/grain-africa.org\/wp-content\/uploads\/2023\/07\/laure-Tall-1-1-300x400.jpg 300w\" sizes=\"(max-width: 750px) 100vw, 750px\" \/>\r\n\r\n    <\/a>\r\n  <\/div>\r\n\r\n  <a class=\"title post_title\"  title=\"Women Deliver Conference 2023: IPAR explores ways to roll out responsible AI that supports improvements in women\u2019s health\" href=\"https:\/\/grain-africa.org\/en\/women-deliver-conference-2023-lipar-explore-les-pistes-pour-le-deploiement-dune-ia-responsable-et-favorable-a-lamelioration-de-la-sante-des-femmes\/?related_post_from=18835\">\r\n        Women Deliver Conference 2023: IPAR explores ways to roll out responsible AI that supports improvements in women\u2019s health  <\/a>\r\n\r\n  <p class=\"excerpt post_excerpt\">\r\n    The Women Deliver Conference (WD2023) is one of the largest multi-sector gatherings aimed at advancing gender equality. Co-created <a class=\"read-more\" href=\"https:\/\/grain-africa.org\/en\/women-deliver-conference-2023-lipar-explore-les-pistes-pour-le-deploiement-dune-ia-responsable-et-favorable-a-lamelioration-de-la-sante-des-femmes\/?related_post_from=18835\"> Read more<\/a>  <\/p>\r\n        <\/div>\r\n      \r\n  <\/div>\r\n\r\n  <script>\r\n      <\/script>\r\n  <style>\r\n    .related-post {}\r\n\r\n    .related-post .post-list {\r\n      text-align: left;\r\n          }\r\n\r\n    .related-post .post-list .item {\r\n      margin: 20px;\r\n      padding: 0px;\r\n          }\r\n\r\n    .related-post .headline {\r\n      font-size: 18px !important;\r\n      color: #999999 !important;\r\n          }\r\n\r\n    .related-post .headline{\r\n\t\tfont-size: 25px!important;\r\n}\r\n.related-post .post-list .item {\r\n\tmargin: 20px 35px 20px 0;\r\n}\r\n.related-post .post-list .item{\r\n\tmargin: 20px 35px 20px 0;\r\n    box-shadow: 0 0 10px 0 rgba(0,0,0,.15);\r\n    border-radius: 8px;\r\n}\r\n.related-post .post-list .item .post_title, .related-post .post-list .item p{\r\n\tpadding: 20px!important\r\n}\r\n.related-post .post-list .item .post_title{\r\n\t\tpadding-bottom: 0!important\r\n}\r\n.related-post .headline{\r\n\tcolor: var(--e-global-color-primary)!important;\r\n}\r\n.related-post .headline{\r\n\tmargin: 20px 35%!important;\r\n}\r\n\r\n@media (max-width: 1024px){\r\n\t.related-post .headline{\r\n\t\tmargin: 20px 20%!important;\r\n\t}\r\n}.related-post .post-list .item .post_thumb {\r\n      max-height: 220px;\r\n      margin: 0px 0px;\r\n      padding: 0px;\r\n      display: block;\r\n          }\r\n\r\n    .related-post .post-list .item .post_title {\r\n      font-size: 24px;\r\n      color: #005450;\r\n      margin: 10px 0px;\r\n      padding: 0px;\r\n      display: block;\r\n      text-decoration: none;\r\n      color: var(--e-global-color-primary);\r\n    font-family: var(--e-global-typography-233c6cb-font-family), Sans-serif;\r\n    font-size: var(--e-global-typography-233c6cb-font-size);\r\n    font-weight: var(--e-global-typography-233c6cb-font-weight);\r\n    line-height: var(--e-global-typography-233c6cb-line-height);\r\n    letter-spacing: var(--e-global-typography-233c6cb-letter-spacing);\r\n    word-spacing: var(--e-global-typography-233c6cb-word-spacing);    }\r\n\r\n    .related-post .post-list .item .post_excerpt {\r\n      font-size: 15px;\r\n      color: #000000;\r\n      margin: 10px 0px;\r\n      padding: 0px;\r\n      display: block;\r\n      text-decoration: none;\r\n          }\r\n\r\n    @media only screen and (min-width: 1024px) {\r\n      .related-post .post-list .item {\r\n        width: 45%;\r\n      }\r\n    }\r\n\r\n    @media only screen and (min-width: 768px) and (max-width: 1023px) {\r\n      .related-post .post-list .item {\r\n        width: 90%;\r\n      }\r\n    }\r\n\r\n    @media only screen and (min-width: 0px) and (max-width: 767px) {\r\n      .related-post .post-list .item {\r\n        width: 90%;\r\n      }\r\n    }\r\n\r\n      <\/style>\r\n    <\/div>\r\n\t\t<\/div>\n\t\t\t\t<\/div>\n\t\t\t\t<div class=\"elementor-post__meta-data\">\n\t\t\t\t\t<span class=\"elementor-post-date\">\n\t\t\t26 July 2023\t\t<\/span>\n\t\t\t\t<\/div>\n\t\t\t\t\t<\/div>\n\t\t<\/article>\n\t\t\t\t<article class=\"elementor-post elementor-grid-item post-21580 post type-post status-publish format-standard has-post-thumbnail hentry category-blog tag-afrique tag-grain tag-ia tag-intelligence-artificielle tag-politiques-dia\">\n\t\t\t<div class=\"elementor-post__card\">\n\t\t\t\t<a class=\"elementor-post__thumbnail__link\" href=\"https:\/\/grain-africa.org\/en\/lintelligence-artificielle-inclusive-en-afrique-de-louest-ou-en-sommes-nous\/\" tabindex=\"-1\" ><div class=\"elementor-post__thumbnail\"><img loading=\"lazy\" decoding=\"async\" width=\"300\" height=\"200\" src=\"https:\/\/grain-africa.org\/wp-content\/uploads\/2026\/08\/ChatGPT-Image-6-aout-2026-12_18_22-300x200.png\" class=\"attachment-medium size-medium wp-image-21581\" alt=\"\" srcset=\"https:\/\/grain-africa.org\/wp-content\/uploads\/2026\/08\/ChatGPT-Image-6-aout-2026-12_18_22-300x200.png 300w, https:\/\/grain-africa.org\/wp-content\/uploads\/2026\/08\/ChatGPT-Image-6-aout-2026-12_18_22-1024x683.png 1024w, https:\/\/grain-africa.org\/wp-content\/uploads\/2026\/08\/ChatGPT-Image-6-aout-2026-12_18_22-768x512.png 768w, https:\/\/grain-africa.org\/wp-content\/uploads\/2026\/08\/ChatGPT-Image-6-aout-2026-12_18_22-391x260.png 391w, https:\/\/grain-africa.org\/wp-content\/uploads\/2026\/08\/ChatGPT-Image-6-aout-2026-12_18_22-18x12.png 18w, https:\/\/grain-africa.org\/wp-content\/uploads\/2026\/08\/ChatGPT-Image-6-aout-2026-12_18_22.png 1536w\" sizes=\"(max-width: 300px) 100vw, 300px\" \/><\/div><\/a>\n\t\t\t\t<div class=\"elementor-post__text\">\n\t\t\t\t<h3 class=\"elementor-post__title\">\n\t\t\t<a href=\"https:\/\/grain-africa.org\/en\/lintelligence-artificielle-inclusive-en-afrique-de-louest-ou-en-sommes-nous\/\" >\n\t\t\t\tInclusive artificial intelligence in West Africa: where do we stand?\t\t\t<\/a>\n\t\t<\/h3>\n\t\t\t\t<div class=\"elementor-post__excerpt\">\n\t\t\t<p>Key findings from the study on AI policies in West Africa By Dr Marame Ciss\u00e9, Dioulli Kane and<\/p>\n  <div class=\"related-post grid\">\r\n        <div class=\"headline\">Similar articles<\/div>\r\n    <div class=\"post-list\">\r\n\r\n            <div class=\"item\">\r\n            <div class=\"thumb post_thumb\">\r\n    <a  title=\"IPAR is taking part in two working groups on the development of the national strategy on Artificial Intelligence\u00a0\" href=\"https:\/\/grain-africa.org\/en\/ipar-prend-part-a-deux-groupes-de-travail-sur-lelaboration-de-la-strategie-nationale-sur-lintelligence-artificielle\/?related_post_from=18738\">\r\n\r\n      <img fetchpriority=\"high\" decoding=\"async\" width=\"1600\" height=\"1200\" src=\"https:\/\/grain-africa.org\/wp-content\/uploads\/2023\/06\/IMG-20230622-WA0167-1.jpg\" class=\"attachment-full size-full wp-post-image\" alt=\"\" srcset=\"https:\/\/grain-africa.org\/wp-content\/uploads\/2023\/06\/IMG-20230622-WA0167-1.jpg 1600w, https:\/\/grain-africa.org\/wp-content\/uploads\/2023\/06\/IMG-20230622-WA0167-1-300x225.jpg 300w, https:\/\/grain-africa.org\/wp-content\/uploads\/2023\/06\/IMG-20230622-WA0167-1-1024x768.jpg 1024w, https:\/\/grain-africa.org\/wp-content\/uploads\/2023\/06\/IMG-20230622-WA0167-1-768x576.jpg 768w, https:\/\/grain-africa.org\/wp-content\/uploads\/2023\/06\/IMG-20230622-WA0167-1-1536x1152.jpg 1536w\" sizes=\"(max-width: 1600px) 100vw, 1600px\" \/>\r\n\r\n    <\/a>\r\n  <\/div>\r\n\r\n  <a class=\"title post_title\"  title=\"IPAR is taking part in two working groups on the development of the national strategy on Artificial Intelligence\u00a0\" href=\"https:\/\/grain-africa.org\/en\/ipar-prend-part-a-deux-groupes-de-travail-sur-lelaboration-de-la-strategie-nationale-sur-lintelligence-artificielle\/?related_post_from=18738\">\r\n        IPAR is taking part in two working groups on the development of the national strategy on Artificial Intelligence\u00a0  <\/a>\r\n\r\n  <p class=\"excerpt post_excerpt\">\r\n    IPAR took part in the second workshop on the formulation of the national Artificial Intelligence strategy, which was held on 21 <a class=\"read-more\" href=\"https:\/\/grain-africa.org\/en\/ipar-prend-part-a-deux-groupes-de-travail-sur-lelaboration-de-la-strategie-nationale-sur-lintelligence-artificielle\/?related_post_from=18738\"> Read more<\/a>  <\/p>\r\n        <\/div>\r\n              <div class=\"item\">\r\n            <div class=\"thumb post_thumb\">\r\n    <a  title=\"Women Deliver Conference 2023: IPAR explores ways to roll out responsible AI that supports improvements in women\u2019s health\" href=\"https:\/\/grain-africa.org\/en\/women-deliver-conference-2023-lipar-explore-les-pistes-pour-le-deploiement-dune-ia-responsable-et-favorable-a-lamelioration-de-la-sante-des-femmes\/?related_post_from=18835\">\r\n\r\n      <img loading=\"lazy\" decoding=\"async\" width=\"750\" height=\"1000\" src=\"https:\/\/grain-africa.org\/wp-content\/uploads\/2023\/07\/laure-Tall-1-1.jpg\" class=\"attachment-full size-full wp-post-image\" alt=\"\" srcset=\"https:\/\/grain-africa.org\/wp-content\/uploads\/2023\/07\/laure-Tall-1-1.jpg 750w, https:\/\/grain-africa.org\/wp-content\/uploads\/2023\/07\/laure-Tall-1-1-225x300.jpg 225w, https:\/\/grain-africa.org\/wp-content\/uploads\/2023\/07\/laure-Tall-1-1-300x400.jpg 300w\" sizes=\"(max-width: 750px) 100vw, 750px\" \/>\r\n\r\n    <\/a>\r\n  <\/div>\r\n\r\n  <a class=\"title post_title\"  title=\"Women Deliver Conference 2023: IPAR explores ways to roll out responsible AI that supports improvements in women\u2019s health\" href=\"https:\/\/grain-africa.org\/en\/women-deliver-conference-2023-lipar-explore-les-pistes-pour-le-deploiement-dune-ia-responsable-et-favorable-a-lamelioration-de-la-sante-des-femmes\/?related_post_from=18835\">\r\n        Women Deliver Conference 2023: IPAR explores ways to roll out responsible AI that supports improvements in women\u2019s health  <\/a>\r\n\r\n  <p class=\"excerpt post_excerpt\">\r\n    The Women Deliver Conference (WD2023) is one of the largest multi-sector gatherings aimed at advancing gender equality. Co-created <a class=\"read-more\" href=\"https:\/\/grain-africa.org\/en\/women-deliver-conference-2023-lipar-explore-les-pistes-pour-le-deploiement-dune-ia-responsable-et-favorable-a-lamelioration-de-la-sante-des-femmes\/?related_post_from=18835\"> Read more<\/a>  <\/p>\r\n        <\/div>\r\n      \r\n  <\/div>\r\n\r\n  <script>\r\n      <\/script>\r\n  <style>\r\n    .related-post {}\r\n\r\n    .related-post .post-list {\r\n      text-align: left;\r\n          }\r\n\r\n    .related-post .post-list .item {\r\n      margin: 20px;\r\n      padding: 0px;\r\n          }\r\n\r\n    .related-post .headline {\r\n      font-size: 18px !important;\r\n      color: #999999 !important;\r\n          }\r\n\r\n    .related-post .headline{\r\n\t\tfont-size: 25px!important;\r\n}\r\n.related-post .post-list .item {\r\n\tmargin: 20px 35px 20px 0;\r\n}\r\n.related-post .post-list .item{\r\n\tmargin: 20px 35px 20px 0;\r\n    box-shadow: 0 0 10px 0 rgba(0,0,0,.15);\r\n    border-radius: 8px;\r\n}\r\n.related-post .post-list .item .post_title, .related-post .post-list .item p{\r\n\tpadding: 20px!important\r\n}\r\n.related-post .post-list .item .post_title{\r\n\t\tpadding-bottom: 0!important\r\n}\r\n.related-post .headline{\r\n\tcolor: var(--e-global-color-primary)!important;\r\n}\r\n.related-post .headline{\r\n\tmargin: 20px 35%!important;\r\n}\r\n\r\n@media (max-width: 1024px){\r\n\t.related-post .headline{\r\n\t\tmargin: 20px 20%!important;\r\n\t}\r\n}.related-post .post-list .item .post_thumb {\r\n      max-height: 220px;\r\n      margin: 0px 0px;\r\n      padding: 0px;\r\n      display: block;\r\n          }\r\n\r\n    .related-post .post-list .item .post_title {\r\n      font-size: 24px;\r\n      color: #005450;\r\n      margin: 10px 0px;\r\n      padding: 0px;\r\n      display: block;\r\n      text-decoration: none;\r\n      color: var(--e-global-color-primary);\r\n    font-family: var(--e-global-typography-233c6cb-font-family), Sans-serif;\r\n    font-size: var(--e-global-typography-233c6cb-font-size);\r\n    font-weight: var(--e-global-typography-233c6cb-font-weight);\r\n    line-height: var(--e-global-typography-233c6cb-line-height);\r\n    letter-spacing: var(--e-global-typography-233c6cb-letter-spacing);\r\n    word-spacing: var(--e-global-typography-233c6cb-word-spacing);    }\r\n\r\n    .related-post .post-list .item .post_excerpt {\r\n      font-size: 15px;\r\n      color: #000000;\r\n      margin: 10px 0px;\r\n      padding: 0px;\r\n      display: block;\r\n      text-decoration: none;\r\n          }\r\n\r\n    @media only screen and (min-width: 1024px) {\r\n      .related-post .post-list .item {\r\n        width: 45%;\r\n      }\r\n    }\r\n\r\n    @media only screen and (min-width: 768px) and (max-width: 1023px) {\r\n      .related-post .post-list .item {\r\n        width: 90%;\r\n      }\r\n    }\r\n\r\n    @media only screen and (min-width: 0px) and (max-width: 767px) {\r\n      .related-post .post-list .item {\r\n        width: 90%;\r\n      }\r\n    }\r\n\r\n      <\/style>\r\n    <\/div>\r\n\t\t<\/div>\n\t\t\t\t<\/div>\n\t\t\t\t<div class=\"elementor-post__meta-data\">\n\t\t\t\t\t<span class=\"elementor-post-date\">\n\t\t\t26 July 2023\t\t<\/span>\n\t\t\t\t<\/div>\n\t\t\t\t\t<\/div>\n\t\t<\/article>\n\t\t\t\t<article class=\"elementor-post elementor-grid-item post-21575 post type-post status-publish format-standard has-post-thumbnail hentry category-actualites-grain category-new tag-grain tag-ia tag-intelligence-artificielle tag-ipar tag-regional-report-on-inclusive-and-responsible-artificial-intelligence-policies-in-west-africa\">\n\t\t\t<div class=\"elementor-post__card\">\n\t\t\t\t<a class=\"elementor-post__thumbnail__link\" href=\"https:\/\/grain-africa.org\/en\/webinar-presentation-of-the-regional-report-on-inclusive-and-responsible-artificial-intelligence-policies-in-west-africa\/\" tabindex=\"-1\" ><div class=\"elementor-post__thumbnail\"><img loading=\"lazy\" decoding=\"async\" width=\"300\" height=\"251\" src=\"https:\/\/grain-africa.org\/wp-content\/uploads\/2026\/07\/SAVE-THE-DATE-GRAIN-2-1-300x251.jpg\" class=\"attachment-medium size-medium wp-image-21576\" alt=\"\" srcset=\"https:\/\/grain-africa.org\/wp-content\/uploads\/2026\/07\/SAVE-THE-DATE-GRAIN-2-1-300x251.jpg 300w, https:\/\/grain-africa.org\/wp-content\/uploads\/2026\/07\/SAVE-THE-DATE-GRAIN-2-1-768x644.jpg 768w, https:\/\/grain-africa.org\/wp-content\/uploads\/2026\/07\/SAVE-THE-DATE-GRAIN-2-1-14x12.jpg 14w, https:\/\/grain-africa.org\/wp-content\/uploads\/2026\/07\/SAVE-THE-DATE-GRAIN-2-1.jpg 940w\" sizes=\"(max-width: 300px) 100vw, 300px\" \/><\/div><\/a>\n\t\t\t\t<div class=\"elementor-post__text\">\n\t\t\t\t<h3 class=\"elementor-post__title\">\n\t\t\t<a href=\"https:\/\/grain-africa.org\/en\/webinar-presentation-of-the-regional-report-on-inclusive-and-responsible-artificial-intelligence-policies-in-west-africa\/\" >\n\t\t\t\tWebinar: Presentation of the Regional Report on Inclusive and Responsible Artificial Intelligence Policies in West Africa\t\t\t<\/a>\n\t\t<\/h3>\n\t\t\t\t<div class=\"elementor-post__excerpt\">\n\t\t\t<p>As part of its ongoing activities, the Gender and Responsible AI Network (GRAIN) is organising a webinar to present the<\/p>\n  <div class=\"related-post grid\">\r\n        <div class=\"headline\">Similar articles<\/div>\r\n    <div class=\"post-list\">\r\n\r\n            <div class=\"item\">\r\n            <div class=\"thumb post_thumb\">\r\n    <a  title=\"Expert panel on artificial intelligence as a driver of development in Africa\" href=\"https:\/\/grain-africa.org\/en\/panel-dexperts-sur-lintelligence-artificielle-comme-levier-de-developpement-en-afrique\/?related_post_from=18658\">\r\n\r\n      <img loading=\"lazy\" decoding=\"async\" width=\"1920\" height=\"1440\" src=\"https:\/\/grain-africa.org\/wp-content\/uploads\/2023\/05\/GRAIN.jpg\" class=\"attachment-full size-full wp-post-image\" alt=\"\" srcset=\"https:\/\/grain-africa.org\/wp-content\/uploads\/2023\/05\/GRAIN.jpg 1920w, https:\/\/grain-africa.org\/wp-content\/uploads\/2023\/05\/GRAIN-300x225.jpg 300w, https:\/\/grain-africa.org\/wp-content\/uploads\/2023\/05\/GRAIN-1024x768.jpg 1024w, https:\/\/grain-africa.org\/wp-content\/uploads\/2023\/05\/GRAIN-768x576.jpg 768w\" sizes=\"(max-width: 1920px) 100vw, 1920px\" \/>\r\n\r\n    <\/a>\r\n  <\/div>\r\n\r\n  <a class=\"title post_title\"  title=\"Expert panel on artificial intelligence as a driver of development in Africa\" href=\"https:\/\/grain-africa.org\/en\/panel-dexperts-sur-lintelligence-artificielle-comme-levier-de-developpement-en-afrique\/?related_post_from=18658\">\r\n        Expert panel on artificial intelligence as a driver of development in Africa  <\/a>\r\n\r\n  <p class=\"excerpt post_excerpt\">\r\n    On Monday 15 May 2023, IPAR took part in an \"expert panel on artificial intelligence as a driver of development\u201d in Saly <a class=\"read-more\" href=\"https:\/\/grain-africa.org\/en\/panel-dexperts-sur-lintelligence-artificielle-comme-levier-de-developpement-en-afrique\/?related_post_from=18658\"> Read more<\/a>  <\/p>\r\n        <\/div>\r\n              <div class=\"item\">\r\n            <div class=\"thumb post_thumb\">\r\n    <a  title=\"Implementation of the DUA project in C\u00f4te d\u2019Ivoire: A mission deployed by IPAR to provide training for enumerators\" href=\"https:\/\/grain-africa.org\/en\/mise-en-oeuvre-du-projet-dua-en-cote-divoire-une-mission-deployee-par-ipar-pour-assurer-la-formation-des-enqueteurs\/?related_post_from=18732\">\r\n\r\n      <img loading=\"lazy\" decoding=\"async\" width=\"1080\" height=\"607\" src=\"https:\/\/grain-africa.org\/wp-content\/uploads\/2023\/06\/VIGNETTE-DUA-1-1.jpg\" class=\"attachment-full size-full wp-post-image\" alt=\"\" srcset=\"https:\/\/grain-africa.org\/wp-content\/uploads\/2023\/06\/VIGNETTE-DUA-1-1.jpg 1080w, https:\/\/grain-africa.org\/wp-content\/uploads\/2023\/06\/VIGNETTE-DUA-1-1-300x169.jpg 300w, https:\/\/grain-africa.org\/wp-content\/uploads\/2023\/06\/VIGNETTE-DUA-1-1-1024x576.jpg 1024w, https:\/\/grain-africa.org\/wp-content\/uploads\/2023\/06\/VIGNETTE-DUA-1-1-768x432.jpg 768w\" sizes=\"auto, (max-width: 1080px) 100vw, 1080px\" \/>\r\n\r\n    <\/a>\r\n  <\/div>\r\n\r\n  <a class=\"title post_title\"  title=\"Implementation of the DUA project in C\u00f4te d\u2019Ivoire: A mission deployed by IPAR to provide training for enumerators\" href=\"https:\/\/grain-africa.org\/en\/mise-en-oeuvre-du-projet-dua-en-cote-divoire-une-mission-deployee-par-ipar-pour-assurer-la-formation-des-enqueteurs\/?related_post_from=18732\">\r\n        Implementation of the DUA project in C\u00f4te d\u2019Ivoire: A mission deployed by IPAR to provide training for enumerators  <\/a>\r\n\r\n  <p class=\"excerpt post_excerpt\">\r\n    IPAR is continuing to implement the DUA project in the pilot countries. Following Senegal, Burkina (CEDRES) and <a class=\"read-more\" href=\"https:\/\/grain-africa.org\/en\/mise-en-oeuvre-du-projet-dua-en-cote-divoire-une-mission-deployee-par-ipar-pour-assurer-la-formation-des-enqueteurs\/?related_post_from=18732\"> Read more<\/a>  <\/p>\r\n        <\/div>\r\n      \r\n  <\/div>\r\n\r\n  <script>\r\n      <\/script>\r\n  <style>\r\n    .related-post {}\r\n\r\n    .related-post .post-list {\r\n      text-align: left;\r\n          }\r\n\r\n    .related-post .post-list .item {\r\n      margin: 20px;\r\n      padding: 0px;\r\n          }\r\n\r\n    .related-post .headline {\r\n      font-size: 18px !important;\r\n      color: #999999 !important;\r\n          }\r\n\r\n    .related-post .headline{\r\n\t\tfont-size: 25px!important;\r\n}\r\n.related-post .post-list .item {\r\n\tmargin: 20px 35px 20px 0;\r\n}\r\n.related-post .post-list .item{\r\n\tmargin: 20px 35px 20px 0;\r\n    box-shadow: 0 0 10px 0 rgba(0,0,0,.15);\r\n    border-radius: 8px;\r\n}\r\n.related-post .post-list .item .post_title, .related-post .post-list .item p{\r\n\tpadding: 20px!important\r\n}\r\n.related-post .post-list .item .post_title{\r\n\t\tpadding-bottom: 0!important\r\n}\r\n.related-post .headline{\r\n\tcolor: var(--e-global-color-primary)!important;\r\n}\r\n.related-post .headline{\r\n\tmargin: 20px 35%!important;\r\n}\r\n\r\n@media (max-width: 1024px){\r\n\t.related-post .headline{\r\n\t\tmargin: 20px 20%!important;\r\n\t}\r\n}.related-post .post-list .item .post_thumb {\r\n      max-height: 220px;\r\n      margin: 0px 0px;\r\n      padding: 0px;\r\n      display: block;\r\n          }\r\n\r\n    .related-post .post-list .item .post_title {\r\n      font-size: 24px;\r\n      color: #005450;\r\n      margin: 10px 0px;\r\n      padding: 0px;\r\n      display: block;\r\n      text-decoration: none;\r\n      color: var(--e-global-color-primary);\r\n    font-family: var(--e-global-typography-233c6cb-font-family), Sans-serif;\r\n    font-size: var(--e-global-typography-233c6cb-font-size);\r\n    font-weight: var(--e-global-typography-233c6cb-font-weight);\r\n    line-height: var(--e-global-typography-233c6cb-line-height);\r\n    letter-spacing: var(--e-global-typography-233c6cb-letter-spacing);\r\n    word-spacing: var(--e-global-typography-233c6cb-word-spacing);    }\r\n\r\n    .related-post .post-list .item .post_excerpt {\r\n      font-size: 15px;\r\n      color: #000000;\r\n      margin: 10px 0px;\r\n      padding: 0px;\r\n      display: block;\r\n      text-decoration: none;\r\n          }\r\n\r\n    @media only screen and (min-width: 1024px) {\r\n      .related-post .post-list .item {\r\n        width: 45%;\r\n      }\r\n    }\r\n\r\n    @media only screen and (min-width: 768px) and (max-width: 1023px) {\r\n      .related-post .post-list .item {\r\n        width: 90%;\r\n      }\r\n    }\r\n\r\n    @media only screen and (min-width: 0px) and (max-width: 767px) {\r\n      .related-post .post-list .item {\r\n        width: 90%;\r\n      }\r\n    }\r\n\r\n      <\/style>\r\n    <\/div>\r\n\t\t<\/div>\n\t\t\t\t<\/div>\n\t\t\t\t<div class=\"elementor-post__meta-data\">\n\t\t\t\t\t<span class=\"elementor-post-date\">\n\t\t\t21 June 2023\t\t<\/span>\n\t\t\t\t<\/div>\n\t\t\t\t\t<\/div>\n\t\t<\/article>\n\t\t\t\t<article class=\"elementor-post elementor-grid-item post-21569 post type-post status-publish format-standard has-post-thumbnail hentry category-actualites-grain category-articles category-grain category-new category-policy-brief category-publications category-rapports category-revue-de-litterature tag-egalite-des-sexes tag-etude tag-grain tag-ia tag-intelligence-artificielle tag-violence-en-ligne\">\n\t\t\t<div class=\"elementor-post__card\">\n\t\t\t\t<a class=\"elementor-post__thumbnail__link\" href=\"https:\/\/grain-africa.org\/en\/artificial-intelligence-and-online-violence-new-grain-study-reveals-the-digital-literacy-paradox\/\" tabindex=\"-1\" ><div class=\"elementor-post__thumbnail\"><img loading=\"lazy\" decoding=\"async\" width=\"229\" height=\"300\" src=\"https:\/\/grain-africa.org\/wp-content\/uploads\/2026\/07\/VIGNETTE-POLICY-BRIEF--229x300.jpg\" class=\"attachment-medium size-medium wp-image-21570\" alt=\"\" srcset=\"https:\/\/grain-africa.org\/wp-content\/uploads\/2026\/07\/VIGNETTE-POLICY-BRIEF--229x300.jpg 229w, https:\/\/grain-africa.org\/wp-content\/uploads\/2026\/07\/VIGNETTE-POLICY-BRIEF--783x1024.jpg 783w, https:\/\/grain-africa.org\/wp-content\/uploads\/2026\/07\/VIGNETTE-POLICY-BRIEF--768x1004.jpg 768w, https:\/\/grain-africa.org\/wp-content\/uploads\/2026\/07\/VIGNETTE-POLICY-BRIEF--1175x1536.jpg 1175w, https:\/\/grain-africa.org\/wp-content\/uploads\/2026\/07\/VIGNETTE-POLICY-BRIEF--9x12.jpg 9w, https:\/\/grain-africa.org\/wp-content\/uploads\/2026\/07\/VIGNETTE-POLICY-BRIEF-.jpg 1200w\" sizes=\"(max-width: 229px) 100vw, 229px\" \/><\/div><\/a>\n\t\t\t\t<div class=\"elementor-post__text\">\n\t\t\t\t<h3 class=\"elementor-post__title\">\n\t\t\t<a href=\"https:\/\/grain-africa.org\/en\/artificial-intelligence-and-online-violence-new-grain-study-reveals-the-digital-literacy-paradox\/\" >\n\t\t\t\tArtificial Intelligence and Online Violence: New GRAIN Study Reveals the Digital Literacy Paradox\t\t\t<\/a>\n\t\t<\/h3>\n\t\t\t\t<div class=\"elementor-post__excerpt\">\n\t\t\t<p>As African countries continue to invest in digital transformation and the development of digital skills, a new publication from the Gender and<\/p>\n  <div class=\"related-post grid\">\r\n        <div class=\"headline\">Similar articles<\/div>\r\n    <div class=\"post-list\">\r\n\r\n            <div class=\"item\">\r\n            <div class=\"thumb post_thumb\">\r\n    <a  title=\"IPAR is taking part in two working groups on the development of the national strategy on Artificial Intelligence\u00a0\" href=\"https:\/\/grain-africa.org\/en\/ipar-prend-part-a-deux-groupes-de-travail-sur-lelaboration-de-la-strategie-nationale-sur-lintelligence-artificielle\/?related_post_from=18738\">\r\n\r\n      <img fetchpriority=\"high\" decoding=\"async\" width=\"1600\" height=\"1200\" src=\"https:\/\/grain-africa.org\/wp-content\/uploads\/2023\/06\/IMG-20230622-WA0167-1.jpg\" class=\"attachment-full size-full wp-post-image\" alt=\"\" srcset=\"https:\/\/grain-africa.org\/wp-content\/uploads\/2023\/06\/IMG-20230622-WA0167-1.jpg 1600w, https:\/\/grain-africa.org\/wp-content\/uploads\/2023\/06\/IMG-20230622-WA0167-1-300x225.jpg 300w, https:\/\/grain-africa.org\/wp-content\/uploads\/2023\/06\/IMG-20230622-WA0167-1-1024x768.jpg 1024w, https:\/\/grain-africa.org\/wp-content\/uploads\/2023\/06\/IMG-20230622-WA0167-1-768x576.jpg 768w, https:\/\/grain-africa.org\/wp-content\/uploads\/2023\/06\/IMG-20230622-WA0167-1-1536x1152.jpg 1536w\" sizes=\"(max-width: 1600px) 100vw, 1600px\" \/>\r\n\r\n    <\/a>\r\n  <\/div>\r\n\r\n  <a class=\"title post_title\"  title=\"IPAR is taking part in two working groups on the development of the national strategy on Artificial Intelligence\u00a0\" href=\"https:\/\/grain-africa.org\/en\/ipar-prend-part-a-deux-groupes-de-travail-sur-lelaboration-de-la-strategie-nationale-sur-lintelligence-artificielle\/?related_post_from=18738\">\r\n        IPAR is taking part in two working groups on the development of the national strategy on Artificial Intelligence\u00a0  <\/a>\r\n\r\n  <p class=\"excerpt post_excerpt\">\r\n    IPAR took part in the second workshop on the formulation of the national Artificial Intelligence strategy, which was held on 21 <a class=\"read-more\" href=\"https:\/\/grain-africa.org\/en\/ipar-prend-part-a-deux-groupes-de-travail-sur-lelaboration-de-la-strategie-nationale-sur-lintelligence-artificielle\/?related_post_from=18738\"> Read more<\/a>  <\/p>\r\n        <\/div>\r\n              <div class=\"item\">\r\n            <div class=\"thumb post_thumb\">\r\n    <a  title=\"Women Deliver Conference 2023: IPAR explores ways to roll out responsible AI that supports improvements in women\u2019s health\" href=\"https:\/\/grain-africa.org\/en\/women-deliver-conference-2023-lipar-explore-les-pistes-pour-le-deploiement-dune-ia-responsable-et-favorable-a-lamelioration-de-la-sante-des-femmes\/?related_post_from=18835\">\r\n\r\n      <img loading=\"lazy\" decoding=\"async\" width=\"750\" height=\"1000\" src=\"https:\/\/grain-africa.org\/wp-content\/uploads\/2023\/07\/laure-Tall-1-1.jpg\" class=\"attachment-full size-full wp-post-image\" alt=\"\" srcset=\"https:\/\/grain-africa.org\/wp-content\/uploads\/2023\/07\/laure-Tall-1-1.jpg 750w, https:\/\/grain-africa.org\/wp-content\/uploads\/2023\/07\/laure-Tall-1-1-225x300.jpg 225w, https:\/\/grain-africa.org\/wp-content\/uploads\/2023\/07\/laure-Tall-1-1-300x400.jpg 300w\" sizes=\"(max-width: 750px) 100vw, 750px\" \/>\r\n\r\n    <\/a>\r\n  <\/div>\r\n\r\n  <a class=\"title post_title\"  title=\"Women Deliver Conference 2023: IPAR explores ways to roll out responsible AI that supports improvements in women\u2019s health\" href=\"https:\/\/grain-africa.org\/en\/women-deliver-conference-2023-lipar-explore-les-pistes-pour-le-deploiement-dune-ia-responsable-et-favorable-a-lamelioration-de-la-sante-des-femmes\/?related_post_from=18835\">\r\n        Women Deliver Conference 2023: IPAR explores ways to roll out responsible AI that supports improvements in women\u2019s health  <\/a>\r\n\r\n  <p class=\"excerpt post_excerpt\">\r\n    The Women Deliver Conference (WD2023) is one of the largest multi-sector gatherings aimed at advancing gender equality. Co-created <a class=\"read-more\" href=\"https:\/\/grain-africa.org\/en\/women-deliver-conference-2023-lipar-explore-les-pistes-pour-le-deploiement-dune-ia-responsable-et-favorable-a-lamelioration-de-la-sante-des-femmes\/?related_post_from=18835\"> Read more<\/a>  <\/p>\r\n        <\/div>\r\n      \r\n  <\/div>\r\n\r\n  <script>\r\n      <\/script>\r\n  <style>\r\n    .related-post {}\r\n\r\n    .related-post .post-list {\r\n      text-align: left;\r\n          }\r\n\r\n    .related-post .post-list .item {\r\n      margin: 20px;\r\n      padding: 0px;\r\n          }\r\n\r\n    .related-post .headline {\r\n      font-size: 18px !important;\r\n      color: #999999 !important;\r\n          }\r\n\r\n    .related-post .headline{\r\n\t\tfont-size: 25px!important;\r\n}\r\n.related-post .post-list .item {\r\n\tmargin: 20px 35px 20px 0;\r\n}\r\n.related-post .post-list .item{\r\n\tmargin: 20px 35px 20px 0;\r\n    box-shadow: 0 0 10px 0 rgba(0,0,0,.15);\r\n    border-radius: 8px;\r\n}\r\n.related-post .post-list .item .post_title, .related-post .post-list .item p{\r\n\tpadding: 20px!important\r\n}\r\n.related-post .post-list .item .post_title{\r\n\t\tpadding-bottom: 0!important\r\n}\r\n.related-post .headline{\r\n\tcolor: var(--e-global-color-primary)!important;\r\n}\r\n.related-post .headline{\r\n\tmargin: 20px 35%!important;\r\n}\r\n\r\n@media (max-width: 1024px){\r\n\t.related-post .headline{\r\n\t\tmargin: 20px 20%!important;\r\n\t}\r\n}.related-post .post-list .item .post_thumb {\r\n      max-height: 220px;\r\n      margin: 0px 0px;\r\n      padding: 0px;\r\n      display: block;\r\n          }\r\n\r\n    .related-post .post-list .item .post_title {\r\n      font-size: 24px;\r\n      color: #005450;\r\n      margin: 10px 0px;\r\n      padding: 0px;\r\n      display: block;\r\n      text-decoration: none;\r\n      color: var(--e-global-color-primary);\r\n    font-family: var(--e-global-typography-233c6cb-font-family), Sans-serif;\r\n    font-size: var(--e-global-typography-233c6cb-font-size);\r\n    font-weight: var(--e-global-typography-233c6cb-font-weight);\r\n    line-height: var(--e-global-typography-233c6cb-line-height);\r\n    letter-spacing: var(--e-global-typography-233c6cb-letter-spacing);\r\n    word-spacing: var(--e-global-typography-233c6cb-word-spacing);    }\r\n\r\n    .related-post .post-list .item .post_excerpt {\r\n      font-size: 15px;\r\n      color: #000000;\r\n      margin: 10px 0px;\r\n      padding: 0px;\r\n      display: block;\r\n      text-decoration: none;\r\n          }\r\n\r\n    @media only screen and (min-width: 1024px) {\r\n      .related-post .post-list .item {\r\n        width: 45%;\r\n      }\r\n    }\r\n\r\n    @media only screen and (min-width: 768px) and (max-width: 1023px) {\r\n      .related-post .post-list .item {\r\n        width: 90%;\r\n      }\r\n    }\r\n\r\n    @media only screen and (min-width: 0px) and (max-width: 767px) {\r\n      .related-post .post-list .item {\r\n        width: 90%;\r\n      }\r\n    }\r\n\r\n      <\/style>\r\n    <\/div>\r\n\t\t<\/div>\n\t\t\t\t<\/div>\n\t\t\t\t<div class=\"elementor-post__meta-data\">\n\t\t\t\t\t<span class=\"elementor-post-date\">\n\t\t\t26 July 2023\t\t<\/span>\n\t\t\t\t<\/div>\n\t\t\t\t\t<\/div>\n\t\t<\/article>\n\t\t\t\t<\/div>\n\t\t\t\t\t<span class=\"e-load-more-spinner\">\n\t\t\t\t<svg aria-hidden=\"true\" class=\"e-font-icon-svg e-fas-spinner\" viewbox=\"0 0 512 512\" xmlns=\"http:\/\/www.w3.org\/2000\/svg\"><path d=\"M304 48c0 26.51-21.49 48-48 48s-48-21.49-48-48 21.49-48 48-48 48 21.49 48 48zm-48 368c-26.51 0-48 21.49-48 48s21.49 48 48 48 48-21.49 48-48-21.49-48-48-48zm208-208c-26.51 0-48 21.49-48 48s21.49 48 48 48 48-21.49 48-48-21.49-48-48-48zM96 256c0-26.51-21.49-48-48-48S0 229.49 0 256s21.49 48 48 48 48-21.49 48-48zm12.922 99.078c-26.51 0-48 21.49-48 48s21.49 48 48 48 48-21.49 48-48c0-26.509-21.491-48-48-48zm294.156 0c-26.51 0-48 21.49-48 48s21.49 48 48 48 48-21.49 48-48c0-26.509-21.49-48-48-48zM108.922 60.922c-26.51 0-48 21.49-48 48s21.49 48 48 48 48-21.49 48-48-21.491-48-48-48z\"><\/path><\/svg>\t\t\t<\/span>\n\t\t\n\t\t\t\t<div class=\"e-load-more-anchor\" data-page=\"1\" data-max-page=\"25\" data-next-page=\"https:\/\/grain-africa.org\/en\/wp-json\/wp\/v2\/pages\/14039\/page\/2\/\"><\/div>\n\t\t\t\t<div class=\"elementor-button-wrapper\">\n\t\t\t<a href=\"#\" class=\"elementor-button-link elementor-button\" role=\"button\">\n\t\t\t\t\t\t<span class=\"elementor-button-content-wrapper\">\n\t\t\t\t\t\t\t\t\t<span class=\"elementor-button-text\">See more<\/span>\n\t\t\t\t\t<\/span>\n\t\t\t\t\t<\/a>\n\t\t<\/div>\n\t\t\t\t<div class=\"e-load-more-message\">No more articles to display<\/div>\n\t\t\t\t\t\t<\/div>\n\t\t\t\t<\/div>\n\t\t\t\t<div class=\"elementor-element elementor-element-766ad4b elementor-widget elementor-widget-spacer\" data-id=\"766ad4b\" data-element_type=\"widget\" data-e-type=\"widget\" data-widget_type=\"spacer.default\">\n\t\t\t\t<div class=\"elementor-widget-container\">\n\t\t\t\t\t\t\t<div class=\"elementor-spacer\">\n\t\t\t<div class=\"elementor-spacer-inner\"><\/div>\n\t\t<\/div>\n\t\t\t\t\t\t<\/div>\n\t\t\t\t<\/div>\n\t\t\t\t<\/div>\n\t\t\t\t\t<\/div>\n\t\t\t\t<\/div>\n\t\t\t\t<\/div>\n\t\t  <div class=\"related-post grid\">\r\n        <div class=\"headline\">Similar articles<\/div>\r\n    <div class=\"post-list\">\r\n\r\n            <div class=\"item\">\r\n            <div class=\"thumb post_thumb\">\r\n    <a  title=\"IPAR is taking part in two working groups on the development of the national strategy on Artificial Intelligence\u00a0\" href=\"https:\/\/grain-africa.org\/en\/ipar-prend-part-a-deux-groupes-de-travail-sur-lelaboration-de-la-strategie-nationale-sur-lintelligence-artificielle\/?related_post_from=18738\">\r\n\r\n      <img loading=\"lazy\" decoding=\"async\" width=\"1600\" height=\"1200\" src=\"https:\/\/grain-africa.org\/wp-content\/uploads\/2023\/06\/IMG-20230622-WA0167-1.jpg\" class=\"attachment-full size-full wp-post-image\" alt=\"\" srcset=\"https:\/\/grain-africa.org\/wp-content\/uploads\/2023\/06\/IMG-20230622-WA0167-1.jpg 1600w, https:\/\/grain-africa.org\/wp-content\/uploads\/2023\/06\/IMG-20230622-WA0167-1-300x225.jpg 300w, https:\/\/grain-africa.org\/wp-content\/uploads\/2023\/06\/IMG-20230622-WA0167-1-1024x768.jpg 1024w, https:\/\/grain-africa.org\/wp-content\/uploads\/2023\/06\/IMG-20230622-WA0167-1-768x576.jpg 768w, https:\/\/grain-africa.org\/wp-content\/uploads\/2023\/06\/IMG-20230622-WA0167-1-1536x1152.jpg 1536w\" sizes=\"(max-width: 1600px) 100vw, 1600px\" \/>\r\n\r\n    <\/a>\r\n  <\/div>\r\n\r\n  <a class=\"title post_title\"  title=\"IPAR is taking part in two working groups on the development of the national strategy on Artificial Intelligence\u00a0\" href=\"https:\/\/grain-africa.org\/en\/ipar-prend-part-a-deux-groupes-de-travail-sur-lelaboration-de-la-strategie-nationale-sur-lintelligence-artificielle\/?related_post_from=18738\">\r\n        IPAR is taking part in two working groups on the development of the national strategy on Artificial Intelligence\u00a0  <\/a>\r\n\r\n  <p class=\"excerpt post_excerpt\">\r\n    IPAR took part in the second workshop on the formulation of the national Artificial Intelligence strategy, which was held on 21 <a class=\"read-more\" href=\"https:\/\/grain-africa.org\/en\/ipar-prend-part-a-deux-groupes-de-travail-sur-lelaboration-de-la-strategie-nationale-sur-lintelligence-artificielle\/?related_post_from=18738\"> Read more<\/a>  <\/p>\r\n        <\/div>\r\n              <div class=\"item\">\r\n            <div class=\"thumb post_thumb\">\r\n    <a  title=\"Women Deliver Conference 2023: IPAR explores ways to roll out responsible AI that supports improvements in women\u2019s health\" href=\"https:\/\/grain-africa.org\/en\/women-deliver-conference-2023-lipar-explore-les-pistes-pour-le-deploiement-dune-ia-responsable-et-favorable-a-lamelioration-de-la-sante-des-femmes\/?related_post_from=18835\">\r\n\r\n      <img loading=\"lazy\" decoding=\"async\" width=\"750\" height=\"1000\" src=\"https:\/\/grain-africa.org\/wp-content\/uploads\/2023\/07\/laure-Tall-1-1.jpg\" class=\"attachment-full size-full wp-post-image\" alt=\"\" srcset=\"https:\/\/grain-africa.org\/wp-content\/uploads\/2023\/07\/laure-Tall-1-1.jpg 750w, https:\/\/grain-africa.org\/wp-content\/uploads\/2023\/07\/laure-Tall-1-1-225x300.jpg 225w, https:\/\/grain-africa.org\/wp-content\/uploads\/2023\/07\/laure-Tall-1-1-300x400.jpg 300w\" sizes=\"(max-width: 750px) 100vw, 750px\" \/>\r\n\r\n    <\/a>\r\n  <\/div>\r\n\r\n  <a class=\"title post_title\"  title=\"Women Deliver Conference 2023: IPAR explores ways to roll out responsible AI that supports improvements in women\u2019s health\" href=\"https:\/\/grain-africa.org\/en\/women-deliver-conference-2023-lipar-explore-les-pistes-pour-le-deploiement-dune-ia-responsable-et-favorable-a-lamelioration-de-la-sante-des-femmes\/?related_post_from=18835\">\r\n        Women Deliver Conference 2023: IPAR explores ways to roll out responsible AI that supports improvements in women\u2019s health  <\/a>\r\n\r\n  <p class=\"excerpt post_excerpt\">\r\n    The Women Deliver Conference (WD2023) is one of the largest multi-sector gatherings aimed at advancing gender equality. Co-created <a class=\"read-more\" href=\"https:\/\/grain-africa.org\/en\/women-deliver-conference-2023-lipar-explore-les-pistes-pour-le-deploiement-dune-ia-responsable-et-favorable-a-lamelioration-de-la-sante-des-femmes\/?related_post_from=18835\"> Read more<\/a>  <\/p>\r\n        <\/div>\r\n      \r\n  <\/div>\r\n\r\n  <script>\r\n      <\/script>\r\n  <style>\r\n    .related-post {}\r\n\r\n    .related-post .post-list {\r\n      text-align: left;\r\n          }\r\n\r\n    .related-post .post-list .item {\r\n      margin: 20px;\r\n      padding: 0px;\r\n          }\r\n\r\n    .related-post .headline {\r\n      font-size: 18px !important;\r\n      color: #999999 !important;\r\n          }\r\n\r\n    .related-post .headline{\r\n\t\tfont-size: 25px!important;\r\n}\r\n.related-post .post-list .item {\r\n\tmargin: 20px 35px 20px 0;\r\n}\r\n.related-post .post-list .item{\r\n\tmargin: 20px 35px 20px 0;\r\n    box-shadow: 0 0 10px 0 rgba(0,0,0,.15);\r\n    border-radius: 8px;\r\n}\r\n.related-post .post-list .item .post_title, .related-post .post-list .item p{\r\n\tpadding: 20px!important\r\n}\r\n.related-post .post-list .item .post_title{\r\n\t\tpadding-bottom: 0!important\r\n}\r\n.related-post .headline{\r\n\tcolor: var(--e-global-color-primary)!important;\r\n}\r\n.related-post .headline{\r\n\tmargin: 20px 35%!important;\r\n}\r\n\r\n@media (max-width: 1024px){\r\n\t.related-post .headline{\r\n\t\tmargin: 20px 20%!important;\r\n\t}\r\n}.related-post .post-list .item .post_thumb {\r\n      max-height: 220px;\r\n      margin: 0px 0px;\r\n      padding: 0px;\r\n      display: block;\r\n          }\r\n\r\n    .related-post .post-list .item .post_title {\r\n      font-size: 24px;\r\n      color: #005450;\r\n      margin: 10px 0px;\r\n      padding: 0px;\r\n      display: block;\r\n      text-decoration: none;\r\n      color: var(--e-global-color-primary);\r\n    font-family: var(--e-global-typography-233c6cb-font-family), Sans-serif;\r\n    font-size: var(--e-global-typography-233c6cb-font-size);\r\n    font-weight: var(--e-global-typography-233c6cb-font-weight);\r\n    line-height: var(--e-global-typography-233c6cb-line-height);\r\n    letter-spacing: var(--e-global-typography-233c6cb-letter-spacing);\r\n    word-spacing: var(--e-global-typography-233c6cb-word-spacing);    }\r\n\r\n    .related-post .post-list .item .post_excerpt {\r\n      font-size: 15px;\r\n      color: #000000;\r\n      margin: 10px 0px;\r\n      padding: 0px;\r\n      display: block;\r\n      text-decoration: none;\r\n          }\r\n\r\n    @media only screen and (min-width: 1024px) {\r\n      .related-post .post-list .item {\r\n        width: 45%;\r\n      }\r\n    }\r\n\r\n    @media only screen and (min-width: 768px) and (max-width: 1023px) {\r\n      .related-post .post-list .item {\r\n        width: 90%;\r\n      }\r\n    }\r\n\r\n    @media only screen and (min-width: 0px) and (max-width: 767px) {\r\n      .related-post .post-list .item {\r\n        width: 90%;\r\n      }\r\n    }\r\n\r\n      <\/style>\r\n    <\/div>","protected":false},"excerpt":{"rendered":"<p>Our Resources Similar articles IPAR takes part in two working groups on the development of the national strategy onArtificial Intelligence  IPAR took part in the second workshop on  formulating the national Artificial Intelligence strategy, held on 21 Read more Women Deliver Conference 2023: IPAR explores avenues for the roll-out of a \u2026 <a title=\"Women Deliver Conference 2023: IPAR explores ways to roll out responsible AI that supports improvements in women\u2019s health\" class=\"read-more\" href=\"https:\/\/grain-africa.org\/en\/women-deliver-conference-2023-lipar-explore-les-pistes-pour-le-deploiement-dune-ia-responsable-et-favorable-a-lamelioration-de-la-sante-des-femmes\/\" aria-label=\"Read more about the Women Deliver 2023 Conference: IPAR explores ways to roll out responsible AI that supports improvements in women\u2019s health\">Read more<\/a><\/p>\n  <div class=\"related-post grid\">\r\n        <div class=\"headline\">Similar articles<\/div>\r\n    <div class=\"post-list\">\r\n\r\n            <div class=\"item\">\r\n            <div class=\"thumb post_thumb\">\r\n    <a  title=\"Expert panel on artificial intelligence as a driver of development in Africa\" href=\"https:\/\/grain-africa.org\/en\/panel-dexperts-sur-lintelligence-artificielle-comme-levier-de-developpement-en-afrique\/?related_post_from=18658\">\r\n\r\n      <img loading=\"lazy\" width=\"1920\" height=\"1440\" src=\"https:\/\/grain-africa.org\/wp-content\/uploads\/2023\/05\/GRAIN.jpg\" class=\"attachment-full size-full wp-post-image\" alt=\"\" decoding=\"async\" srcset=\"https:\/\/grain-africa.org\/wp-content\/uploads\/2023\/05\/GRAIN.jpg 1920w, https:\/\/grain-africa.org\/wp-content\/uploads\/2023\/05\/GRAIN-300x225.jpg 300w, https:\/\/grain-africa.org\/wp-content\/uploads\/2023\/05\/GRAIN-1024x768.jpg 1024w, https:\/\/grain-africa.org\/wp-content\/uploads\/2023\/05\/GRAIN-768x576.jpg 768w\" sizes=\"(max-width: 1920px) 100vw, 1920px\" \/>\r\n\r\n    <\/a>\r\n  <\/div>\r\n\r\n  <a class=\"title post_title\"  title=\"Expert panel on artificial intelligence as a driver of development in Africa\" href=\"https:\/\/grain-africa.org\/en\/panel-dexperts-sur-lintelligence-artificielle-comme-levier-de-developpement-en-afrique\/?related_post_from=18658\">\r\n        Expert panel on artificial intelligence as a driver of development in Africa  <\/a>\r\n\r\n  <p class=\"excerpt post_excerpt\">\r\n    On Monday 15 May 2023, IPAR took part in an \"expert panel on artificial intelligence as a driver of development\u201d in Saly <a class=\"read-more\" href=\"https:\/\/grain-africa.org\/en\/panel-dexperts-sur-lintelligence-artificielle-comme-levier-de-developpement-en-afrique\/?related_post_from=18658\"> Read more<\/a>  <\/p>\r\n        <\/div>\r\n              <div class=\"item\">\r\n            <div class=\"thumb post_thumb\">\r\n    <a  title=\"Implementation of the DUA project in C\u00f4te d\u2019Ivoire: A mission deployed by IPAR to provide training for enumerators\" href=\"https:\/\/grain-africa.org\/en\/mise-en-oeuvre-du-projet-dua-en-cote-divoire-une-mission-deployee-par-ipar-pour-assurer-la-formation-des-enqueteurs\/?related_post_from=18732\">\r\n\r\n      <img loading=\"lazy\" width=\"1080\" height=\"607\" src=\"https:\/\/grain-africa.org\/wp-content\/uploads\/2023\/06\/VIGNETTE-DUA-1-1.jpg\" class=\"attachment-full size-full wp-post-image\" alt=\"\" decoding=\"async\" srcset=\"https:\/\/grain-africa.org\/wp-content\/uploads\/2023\/06\/VIGNETTE-DUA-1-1.jpg 1080w, https:\/\/grain-africa.org\/wp-content\/uploads\/2023\/06\/VIGNETTE-DUA-1-1-300x169.jpg 300w, https:\/\/grain-africa.org\/wp-content\/uploads\/2023\/06\/VIGNETTE-DUA-1-1-1024x576.jpg 1024w, https:\/\/grain-africa.org\/wp-content\/uploads\/2023\/06\/VIGNETTE-DUA-1-1-768x432.jpg 768w\" sizes=\"(max-width: 1080px) 100vw, 1080px\" \/>\r\n\r\n    <\/a>\r\n  <\/div>\r\n\r\n  <a class=\"title post_title\"  title=\"Implementation of the DUA project in C\u00f4te d\u2019Ivoire: A mission deployed by IPAR to provide training for enumerators\" href=\"https:\/\/grain-africa.org\/en\/mise-en-oeuvre-du-projet-dua-en-cote-divoire-une-mission-deployee-par-ipar-pour-assurer-la-formation-des-enqueteurs\/?related_post_from=18732\">\r\n        Implementation of the DUA project in C\u00f4te d\u2019Ivoire: A mission deployed by IPAR to provide training for enumerators  <\/a>\r\n\r\n  <p class=\"excerpt post_excerpt\">\r\n    IPAR is continuing to implement the DUA project in the pilot countries. Following Senegal, Burkina (CEDRES) and <a class=\"read-more\" href=\"https:\/\/grain-africa.org\/en\/mise-en-oeuvre-du-projet-dua-en-cote-divoire-une-mission-deployee-par-ipar-pour-assurer-la-formation-des-enqueteurs\/?related_post_from=18732\"> Read more<\/a>  <\/p>\r\n        <\/div>\r\n      \r\n  <\/div>\r\n\r\n  <script>\r\n      <\/script>\r\n  <style>\r\n    .related-post {}\r\n\r\n    .related-post .post-list {\r\n      text-align: left;\r\n          }\r\n\r\n    .related-post .post-list .item {\r\n      margin: 20px;\r\n      padding: 0px;\r\n          }\r\n\r\n    .related-post .headline {\r\n      font-size: 18px !important;\r\n      color: #999999 !important;\r\n          }\r\n\r\n    .related-post .headline{\r\n\t\tfont-size: 25px!important;\r\n}\r\n.related-post .post-list .item {\r\n\tmargin: 20px 35px 20px 0;\r\n}\r\n.related-post .post-list .item{\r\n\tmargin: 20px 35px 20px 0;\r\n    box-shadow: 0 0 10px 0 rgba(0,0,0,.15);\r\n    border-radius: 8px;\r\n}\r\n.related-post .post-list .item .post_title, .related-post .post-list .item p{\r\n\tpadding: 20px!important\r\n}\r\n.related-post .post-list .item .post_title{\r\n\t\tpadding-bottom: 0!important\r\n}\r\n.related-post .headline{\r\n\tcolor: var(--e-global-color-primary)!important;\r\n}\r\n.related-post .headline{\r\n\tmargin: 20px 35%!important;\r\n}\r\n\r\n@media (max-width: 1024px){\r\n\t.related-post .headline{\r\n\t\tmargin: 20px 20%!important;\r\n\t}\r\n}.related-post .post-list .item .post_thumb {\r\n      max-height: 220px;\r\n      margin: 0px 0px;\r\n      padding: 0px;\r\n      display: block;\r\n          }\r\n\r\n    .related-post .post-list .item .post_title {\r\n      font-size: 24px;\r\n      color: #005450;\r\n      margin: 10px 0px;\r\n      padding: 0px;\r\n      display: block;\r\n      text-decoration: none;\r\n      color: var(--e-global-color-primary);\r\n    font-family: var(--e-global-typography-233c6cb-font-family), Sans-serif;\r\n    font-size: var(--e-global-typography-233c6cb-font-size);\r\n    font-weight: var(--e-global-typography-233c6cb-font-weight);\r\n    line-height: var(--e-global-typography-233c6cb-line-height);\r\n    letter-spacing: var(--e-global-typography-233c6cb-letter-spacing);\r\n    word-spacing: var(--e-global-typography-233c6cb-word-spacing);    }\r\n\r\n    .related-post .post-list .item .post_excerpt {\r\n      font-size: 15px;\r\n      color: #000000;\r\n      margin: 10px 0px;\r\n      padding: 0px;\r\n      display: block;\r\n      text-decoration: none;\r\n          }\r\n\r\n    @media only screen and (min-width: 1024px) {\r\n      .related-post .post-list .item {\r\n        width: 45%;\r\n      }\r\n    }\r\n\r\n    @media only screen and (min-width: 768px) and (max-width: 1023px) {\r\n      .related-post .post-list .item {\r\n        width: 90%;\r\n      }\r\n    }\r\n\r\n    @media only screen and (min-width: 0px) and (max-width: 767px) {\r\n      .related-post .post-list .item {\r\n        width: 90%;\r\n      }\r\n    }\r\n\r\n      <\/style>\r\n    <\/div>","protected":false},"author":1,"featured_media":0,"parent":17490,"menu_order":0,"comment_status":"closed","ping_status":"closed","template":"","meta":{"footnotes":"","_members_access_role":[],"_members_access_error":""},"class_list":["post-14039","page","type-page","status-publish","hentry"],"yoast_head":"<!-- This site is optimized with the Yoast SEO plugin v28.1 - https:\/\/yoast.com\/product\/yoast-seo-wordpress\/ -->\n<title>Revues de litt\u00e9ratures - GRAIN<\/title>\n<meta name=\"robots\" content=\"index, follow, max-snippet:-1, max-image-preview:large, max-video-preview:-1\" \/>\n<link rel=\"canonical\" href=\"https:\/\/grain-africa.org\/en\/publications\/literature-reviews\/\" \/>\n<meta property=\"og:locale\" content=\"en_GB\" \/>\n<meta property=\"og:type\" content=\"article\" \/>\n<meta property=\"og:title\" content=\"Revues de litt\u00e9ratures - GRAIN\" \/>\n<meta property=\"og:description\" content=\"Nos Ressources Articles similaires Panel d\u2019experts sur l&#8217;intelligence artificielle comme levier de d\u00e9veloppement en Afrique L\u2019IPAR a particip\u00e9, lundi 15 mai 2023 \u00e0 Saly, \u00e0 un &#8220;panel d\u2019experts sur l&#8217;intelligence artificielle comme levier de d\u00e9veloppement Read more Mise en \u0153uvre du projet DUA en c\u00f4te d\u2019ivoire\u00a0: Une mission d\u00e9ploy\u00e9e par IPAR pour assurer la formation ... Read more\" \/>\n<meta property=\"og:url\" content=\"https:\/\/grain-africa.org\/en\/publications\/literature-reviews\/\" \/>\n<meta property=\"og:site_name\" content=\"GRAIN\" \/>\n<meta property=\"article:modified_time\" content=\"2024-01-17T11:57:18+00:00\" \/>\n<meta name=\"twitter:card\" content=\"summary_large_image\" \/>\n<meta name=\"twitter:label1\" content=\"Estimated reading time\" \/>\n\t<meta name=\"twitter:data1\" content=\"3 minutes\" \/>\n<script type=\"application\/ld+json\" class=\"yoast-schema-graph\">{\"@context\":\"https:\\\/\\\/schema.org\",\"@graph\":[{\"@type\":\"WebPage\",\"@id\":\"https:\\\/\\\/grain-africa.org\\\/publications\\\/literature-reviews\\\/\",\"url\":\"https:\\\/\\\/grain-africa.org\\\/publications\\\/literature-reviews\\\/\",\"name\":\"Revues de litt\u00e9ratures - GRAIN\",\"isPartOf\":{\"@id\":\"https:\\\/\\\/grain-africa.org\\\/en\\\/#website\"},\"datePublished\":\"2022-07-25T13:22:46+00:00\",\"dateModified\":\"2024-01-17T11:57:18+00:00\",\"breadcrumb\":{\"@id\":\"https:\\\/\\\/grain-africa.org\\\/publications\\\/literature-reviews\\\/#breadcrumb\"},\"inLanguage\":\"en-GB\",\"potentialAction\":[{\"@type\":\"ReadAction\",\"target\":[\"https:\\\/\\\/grain-africa.org\\\/publications\\\/literature-reviews\\\/\"]}]},{\"@type\":\"BreadcrumbList\",\"@id\":\"https:\\\/\\\/grain-africa.org\\\/publications\\\/literature-reviews\\\/#breadcrumb\",\"itemListElement\":[{\"@type\":\"ListItem\",\"position\":1,\"name\":\"Accueil\",\"item\":\"https:\\\/\\\/grain-africa.org\\\/\"},{\"@type\":\"ListItem\",\"position\":2,\"name\":\"Publications\",\"item\":\"https:\\\/\\\/grain-africa.org\\\/publications\\\/\"},{\"@type\":\"ListItem\",\"position\":3,\"name\":\"Revues de litt\u00e9ratures\"}]},{\"@type\":\"WebSite\",\"@id\":\"https:\\\/\\\/grain-africa.org\\\/en\\\/#website\",\"url\":\"https:\\\/\\\/grain-africa.org\\\/en\\\/\",\"name\":\"GRAIN\",\"description\":\"\",\"publisher\":{\"@id\":\"https:\\\/\\\/grain-africa.org\\\/en\\\/#organization\"},\"potentialAction\":[{\"@type\":\"SearchAction\",\"target\":{\"@type\":\"EntryPoint\",\"urlTemplate\":\"https:\\\/\\\/grain-africa.org\\\/en\\\/?s={search_term_string}\"},\"query-input\":{\"@type\":\"PropertyValueSpecification\",\"valueRequired\":true,\"valueName\":\"search_term_string\"}}],\"inLanguage\":\"en-GB\"},{\"@type\":\"Organization\",\"@id\":\"https:\\\/\\\/grain-africa.org\\\/en\\\/#organization\",\"name\":\"GRAIN\",\"url\":\"https:\\\/\\\/grain-africa.org\\\/en\\\/\",\"logo\":{\"@type\":\"ImageObject\",\"inLanguage\":\"en-GB\",\"@id\":\"https:\\\/\\\/grain-africa.org\\\/en\\\/#\\\/schema\\\/logo\\\/image\\\/\",\"url\":\"https:\\\/\\\/grain-africa.org\\\/wp-content\\\/uploads\\\/2020\\\/03\\\/GRAIN_newlogo_273_-removebg-preview-1.png\",\"contentUrl\":\"https:\\\/\\\/grain-africa.org\\\/wp-content\\\/uploads\\\/2020\\\/03\\\/GRAIN_newlogo_273_-removebg-preview-1.png\",\"width\":829,\"height\":297,\"caption\":\"GRAIN\"},\"image\":{\"@id\":\"https:\\\/\\\/grain-africa.org\\\/en\\\/#\\\/schema\\\/logo\\\/image\\\/\"}}]}<\/script>\n<!-- \/ Yoast SEO plugin. -->","yoast_head_json":{"title":"Literature reviews - GRAIN","robots":{"index":"index","follow":"follow","max-snippet":"max-snippet:-1","max-image-preview":"max-image-preview:large","max-video-preview":"max-video-preview:-1"},"canonical":"https:\/\/grain-africa.org\/en\/publications\/literature-reviews\/","og_locale":"en_GB","og_type":"article","og_title":"Revues de litt\u00e9ratures - GRAIN","og_description":"Nos Ressources Articles similaires Panel d\u2019experts sur l&#8217;intelligence artificielle comme levier de d\u00e9veloppement en Afrique L\u2019IPAR a particip\u00e9, lundi 15 mai 2023 \u00e0 Saly, \u00e0 un &#8220;panel d\u2019experts sur l&#8217;intelligence artificielle comme levier de d\u00e9veloppement Read more Mise en \u0153uvre du projet DUA en c\u00f4te d\u2019ivoire\u00a0: Une mission d\u00e9ploy\u00e9e par IPAR pour assurer la formation ... Read more","og_url":"https:\/\/grain-africa.org\/en\/publications\/literature-reviews\/","og_site_name":"GRAIN","article_modified_time":"2024-01-17T11:57:18+00:00","twitter_card":"summary_large_image","twitter_misc":{"Estimated reading time":"3 minutes"},"schema":{"@context":"https:\/\/schema.org","@graph":[{"@type":"WebPage","@id":"https:\/\/grain-africa.org\/publications\/literature-reviews\/","url":"https:\/\/grain-africa.org\/publications\/literature-reviews\/","name":"Literature reviews - GRAIN","isPartOf":{"@id":"https:\/\/grain-africa.org\/en\/#website"},"datePublished":"2022-07-25T13:22:46+00:00","dateModified":"2024-01-17T11:57:18+00:00","breadcrumb":{"@id":"https:\/\/grain-africa.org\/publications\/literature-reviews\/#breadcrumb"},"inLanguage":"en-GB","potentialAction":[{"@type":"ReadAction","target":["https:\/\/grain-africa.org\/publications\/literature-reviews\/"]}]},{"@type":"BreadcrumbList","@id":"https:\/\/grain-africa.org\/publications\/literature-reviews\/#breadcrumb","itemListElement":[{"@type":"ListItem","position":1,"name":"Accueil","item":"https:\/\/grain-africa.org\/"},{"@type":"ListItem","position":2,"name":"Publications","item":"https:\/\/grain-africa.org\/publications\/"},{"@type":"ListItem","position":3,"name":"Revues de litt\u00e9ratures"}]},{"@type":"WebSite","@id":"https:\/\/grain-africa.org\/en\/#website","url":"https:\/\/grain-africa.org\/en\/","name":"GRAIN","description":"","publisher":{"@id":"https:\/\/grain-africa.org\/en\/#organization"},"potentialAction":[{"@type":"SearchAction","target":{"@type":"EntryPoint","urlTemplate":"https:\/\/grain-africa.org\/en\/?s={search_term_string}"},"query-input":{"@type":"PropertyValueSpecification","valueRequired":true,"valueName":"search_term_string"}}],"inLanguage":"en-GB"},{"@type":"Organization","@id":"https:\/\/grain-africa.org\/en\/#organization","name":"GRAIN","url":"https:\/\/grain-africa.org\/en\/","logo":{"@type":"ImageObject","inLanguage":"en-GB","@id":"https:\/\/grain-africa.org\/en\/#\/schema\/logo\/image\/","url":"https:\/\/grain-africa.org\/wp-content\/uploads\/2020\/03\/GRAIN_newlogo_273_-removebg-preview-1.png","contentUrl":"https:\/\/grain-africa.org\/wp-content\/uploads\/2020\/03\/GRAIN_newlogo_273_-removebg-preview-1.png","width":829,"height":297,"caption":"GRAIN"},"image":{"@id":"https:\/\/grain-africa.org\/en\/#\/schema\/logo\/image\/"}}]}},"_links":{"self":[{"href":"https:\/\/grain-africa.org\/en\/wp-json\/wp\/v2\/pages\/14039","targetHints":{"allow":["GET"]}}],"collection":[{"href":"https:\/\/grain-africa.org\/en\/wp-json\/wp\/v2\/pages"}],"about":[{"href":"https:\/\/grain-africa.org\/en\/wp-json\/wp\/v2\/types\/page"}],"author":[{"embeddable":true,"href":"https:\/\/grain-africa.org\/en\/wp-json\/wp\/v2\/users\/1"}],"replies":[{"embeddable":true,"href":"https:\/\/grain-africa.org\/en\/wp-json\/wp\/v2\/comments?post=14039"}],"version-history":[{"count":6,"href":"https:\/\/grain-africa.org\/en\/wp-json\/wp\/v2\/pages\/14039\/revisions"}],"predecessor-version":[{"id":20199,"href":"https:\/\/grain-africa.org\/en\/wp-json\/wp\/v2\/pages\/14039\/revisions\/20199"}],"up":[{"embeddable":true,"href":"https:\/\/grain-africa.org\/en\/wp-json\/wp\/v2\/pages\/17490"}],"wp:attachment":[{"href":"https:\/\/grain-africa.org\/en\/wp-json\/wp\/v2\/media?parent=14039"}],"curies":[{"name":"wp","href":"https:\/\/api.w.org\/{rel}","templated":true}]}}